{"id":6557,"date":"2024-12-10T13:34:40","date_gmt":"2024-12-10T12:34:40","guid":{"rendered":"https:\/\/sarahschlitz.be\/?page_id=6557"},"modified":"2024-12-10T19:27:52","modified_gmt":"2024-12-10T18:27:52","slug":"mon-bilan-comme-secretaire-detat","status":"publish","type":"page","link":"https:\/\/sarahschlitz.be\/nl\/mon-bilan-comme-secretaire-detat\/","title":{"rendered":"(Fran\u00e7ais) Mon bilan de Secr\u00e9taire d&#8217;\u00c9tat"},"content":{"rendered":"<p>[et_pb_section fb_built=&#8221;1&#8243; _builder_version=&#8221;4.27.2&#8243; _module_preset=&#8221;default&#8221; custom_padding=&#8221;26px|||||&#8221; global_colors_info=&#8221;{}&#8221;][et_pb_row _builder_version=&#8221;4.21.2&#8243; _module_preset=&#8221;default&#8221; global_colors_info=&#8221;{}&#8221;][et_pb_column type=&#8221;4_4&#8243; _builder_version=&#8221;4.21.2&#8243; _module_preset=&#8221;default&#8221; global_colors_info=&#8221;{}&#8221;][et_pb_search _builder_version=&#8221;4.21.2&#8243; _module_preset=&#8221;default&#8221; global_colors_info=&#8221;{}&#8221;][\/et_pb_search][\/et_pb_column][\/et_pb_row][et_pb_row _builder_version=&#8221;4.21.2&#8243; _module_preset=&#8221;default&#8221; global_colors_info=&#8221;{}&#8221;][et_pb_column type=&#8221;4_4&#8243; _builder_version=&#8221;4.21.2&#8243; _module_preset=&#8221;default&#8221; global_colors_info=&#8221;{}&#8221;][et_pb_image src=&#8221;https:\/\/sarahschlitz.be\/wp-content\/uploads\/sites\/300\/2023\/03\/3.png&#8221; title_text=&#8221;3&#8243; _builder_version=&#8221;4.21.2&#8243; _module_preset=&#8221;default&#8221; global_colors_info=&#8221;{}&#8221;][\/et_pb_image][\/et_pb_column][\/et_pb_row][et_pb_row _builder_version=&#8221;4.27.2&#8243; _module_preset=&#8221;default&#8221; global_colors_info=&#8221;{}&#8221;][et_pb_column type=&#8221;4_4&#8243; _builder_version=&#8221;4.27.2&#8243; _module_preset=&#8221;default&#8221; global_colors_info=&#8221;{}&#8221;][et_pb_text _builder_version=&#8221;4.27.2&#8243; _module_preset=&#8221;default&#8221; background_color=&#8221;#CB6CE6&#8243; global_colors_info=&#8221;{}&#8221;]<\/p>\n<h1><span style=\"color: #ffffff\"><\/span><\/h1>\n<h1><span style=\"color: #ffffff\"><\/span><\/h1>\n<h1><span style=\"color: #ffffff\"><\/span><\/h1>\n<h1><span style=\"color: #ffffff\"><\/span><\/h1>\n<h1 style=\"text-align: center\"><span style=\"color: #ffffff\">Mon bilan en tant que Secr\u00e9taire d&#8217;\u00c9tat<\/span><\/h1>\n<p style=\"text-align: center\"><span style=\"color: #ffffff\"><\/span><\/p>\n<p><span style=\"color: #ffffff\"><\/span><\/p>\n<p><span style=\"color: #ffffff\"><\/span><\/p>\n<p><span style=\"color: #ffffff\"><\/span><\/p>\n<p>[\/et_pb_text][\/et_pb_column][\/et_pb_row][et_pb_row _builder_version=&#8221;4.27.2&#8243; _module_preset=&#8221;default&#8221; global_colors_info=&#8221;{}&#8221;][et_pb_column type=&#8221;4_4&#8243; _builder_version=&#8221;4.21.2&#8243; _module_preset=&#8221;default&#8221; global_colors_info=&#8221;{}&#8221;][et_pb_text _builder_version=&#8221;4.21.2&#8243; _module_preset=&#8221;default&#8221; global_colors_info=&#8221;{}&#8221;]<\/p>\n<h1 class=\"et_pb_module_header\"><\/h1>\n<p class=\"et_pb_member_position\" style=\"text-align: justify\"><span style=\"color: #003249;font-family: inherit\">Voici le bilan de mon action en tant que Secr\u00e9taire d&#8217;\u00c9tat f\u00e9d\u00e9rale \u00e0 l&#8217;Egalit\u00e9 des genres, \u00e0 l&#8217;Egalit\u00e9 des chances et \u00e0 la Diversit\u00e9, mandat que j&#8217;ai exerc\u00e9 au sein du Gouvernement Vivaldi. Il comporte des avanc\u00e9es progressistes majeures, fruit du travail acharn\u00e9 de toute une \u00e9quipe. Ces victoires n&#8217;auraient pas \u00e9t\u00e9 possibles sans les militant\u00b7es, associations et collectifs qui agissent pour d\u00e9noncer les in\u00e9galit\u00e9s enracin\u00e9es dans notre soci\u00e9t\u00e9 et convaincre les politiques de l&#8217;importance d&#8217;agir. J&#8217;ai eu la chance de pouvoir compter sur leur \u00e9nergie, leur soutien et leur expertise durant toute cette l\u00e9gislature.\u00a0<\/span><\/p>\n<p>[\/et_pb_text][\/et_pb_column][\/et_pb_row][et_pb_row column_structure=&#8221;1_3,1_3,1_3&#8243; _builder_version=&#8221;4.27.2&#8243; _module_preset=&#8221;default&#8221; global_colors_info=&#8221;{}&#8221;][et_pb_column type=&#8221;1_3&#8243; _builder_version=&#8221;4.27.2&#8243; _module_preset=&#8221;default&#8221; global_colors_info=&#8221;{}&#8221;][et_pb_cta title=&#8221;D\u00e9fendre les droits des femmes&#8221; button_url=&#8221;https:\/\/sarahschlitz.be\/droits-des-femmes\/&#8221; button_text=&#8221;Mes actions&#8221; _builder_version=&#8221;4.27.2&#8243; _module_preset=&#8221;default&#8221; background_color=&#8221;#BCB0D7&#8243; custom_button=&#8221;on&#8221; button_text_size=&#8221;17px&#8221; button_text_color=&#8221;#FFFFFF&#8221; global_colors_info=&#8221;{}&#8221;][\/et_pb_cta][\/et_pb_column][et_pb_column type=&#8221;1_3&#8243; _builder_version=&#8221;4.27.2&#8243; _module_preset=&#8221;default&#8221; global_colors_info=&#8221;{}&#8221;][et_pb_cta title=&#8221;Renforcer les droits des personnes LGBTQIA+&#8221; button_url=&#8221;https:\/\/sarahschlitz.be\/renforcer-les-droits-lgbtqi\/&#8221; button_text=&#8221;Mes actions&#8221; _builder_version=&#8221;4.27.2&#8243; _module_preset=&#8221;default&#8221; background_color=&#8221;rgba(3,155,119,0.44)&#8221; global_colors_info=&#8221;{}&#8221;][\/et_pb_cta][\/et_pb_column][et_pb_column type=&#8221;1_3&#8243; _builder_version=&#8221;4.27.2&#8243; _module_preset=&#8221;default&#8221; global_colors_info=&#8221;{}&#8221;][et_pb_cta title=&#8221;Lutter contre le racisme&#8221; button_url=&#8221;https:\/\/sarahschlitz.be\/lutter-contre-le-racisme\/&#8221; button_text=&#8221;Mes actions&#8221; _builder_version=&#8221;4.27.2&#8243; _module_preset=&#8221;default&#8221; global_colors_info=&#8221;{}&#8221;][\/et_pb_cta][\/et_pb_column][\/et_pb_row][et_pb_row _builder_version=&#8221;4.27.2&#8243; _module_preset=&#8221;default&#8221; global_colors_info=&#8221;{}&#8221;][et_pb_column type=&#8221;4_4&#8243; _builder_version=&#8221;4.27.2&#8243; _module_preset=&#8221;default&#8221; global_colors_info=&#8221;{}&#8221;][et_pb_text _builder_version=&#8221;4.27.2&#8243; _module_preset=&#8221;default&#8221; text_text_color=&#8221;#FFFFFF&#8221; background_color=&#8221;#CB6CE6&#8243; global_colors_info=&#8221;{}&#8221;]<\/p>\n<h3><span style=\"color: #ffffff\"><\/span><\/h3>\n<h3><span style=\"color: #ffffff\"><\/span><\/h3>\n<h3><span style=\"color: #ffffff\"><\/span><\/h3>\n<h3><span style=\"color: #ffffff\">\u00a0Lutte contre les violences faites aux femmes<\/span><\/h3>\n<p><span style=\"color: #ffffff\"><\/span><\/p>\n<p><span style=\"color: #ffffff\"><\/span><\/p>\n<p>[\/et_pb_text][et_pb_text _builder_version=&#8221;4.27.2&#8243; _module_preset=&#8221;default&#8221; global_colors_info=&#8221;{}&#8221;]<\/p>\n<ul>\n<li>\n<h1><span style=\"font-size: large;color: #cb6ce6\"><span style=\"font-family: inherit\">La <\/span>Loi Stop F\u00e9minicides<\/span><\/h1>\n<\/li>\n<\/ul>\n<p class=\"et_pb_member_position\"><span style=\"color: #003249;font-family: inherit\">En 2022, au moins 24 femmes ont \u00e9t\u00e9 tu\u00e9es en Belgique sous le coup de leur conjoint ou de leur ex-conjoint. Cela correspond \u00e0 une classe enti\u00e8re d\u00e9cim\u00e9e. Si ces femmes avaient toutes tu\u00e9es le m\u00eame jour, on aurait parl\u00e9 de terrible attentat.<\/span><\/p>\n<p class=\"et_pb_member_position\"><span style=\"color: #003249;font-family: inherit\">Ce rythme soutenu d&#8217;assassinats dure depuis des si\u00e8cles. Beaucoup trop d\u2019hommes agissent encore avec leur compagne comme si elle \u00e9tait leur propri\u00e9t\u00e9 et qu\u2019ils avaient un droit de vie ou de mort sur elle. Les femmes ont le droit de vivre exactement la vie qu&#8217;elles souhaitent. Quitter un partenaire ne doit jamais rimer avec mort. Encore aujourd&#8217;hui, m\u00eame chez nous, on ne na\u00eet pas femme mais on en meurt.<\/span><\/p>\n<p class=\"et_pb_member_position\"><span style=\"color: #003249;font-family: inherit\">Avec la Loi #StopF\u00e9minicides, une premi\u00e8re en Europe, j&#8217;ai souhait\u00e9 mettre fin \u00e0 ce massacre et avancer vers l\u2019objectif z\u00e9ro f\u00e9minicide. Les usages possibles de la l\u00e9gislation sont aussi plus larges: en avril 2024, <span>une juge belge s\u2019est appuy\u00e9e pour la premi\u00e8re fois sur la loi pour rendre son jugement dans le cadre de la garde d&#8217;un enfant.<\/span><\/span><\/p>\n<p class=\"et_pb_member_position\"><span style=\"color: #003249;font-family: inherit\"><span><\/span><\/span><\/p>\n<p class=\"et_pb_member_position\"><span style=\"color: #003249;font-family: inherit\"><\/span><\/p>\n<p class=\"et_pb_member_position\"><span style=\"color: #003249;font-family: inherit;font-size: 14px\"><\/span><\/p>\n<div class=\"clearfix text-formatted field field--name-field-resume field--type-text-long field--label-hidden field__item\">\n<p><strong><span style=\"color: #003249;font-family: inherit\">Ce que la loi change:<\/span><\/strong><\/p>\n<p><em><span style=\"color: #003249;font-family: inherit\">1) Une d\u00e9finition claire et large<\/span><\/em><\/p>\n<p><span style=\"color: #003249;font-family: inherit\">Il y a quelques ann\u00e9es, l&#8217;utilisation m\u00eame du terme f\u00e9minicide faisait d\u00e9bat. Cette loi reconna\u00eet maintenant le ph\u00e9nom\u00e8ne dans ses 4 dimensions : le f\u00e9minicide intime, non-intime, indirect et l&#8217;homicide fond\u00e9 sur le genre.<\/span><\/p>\n<p><em><span style=\"color: #003249;font-family: inherit\">2) Un recensement officiel<\/span><\/em><\/p>\n<p><span style=\"color: #003249;font-family: inherit\"> Mesurer, c&#8217;est savoir. La collecte et l&#8217;analyse des donn\u00e9es permet de mieux conna\u00eetre le ph\u00e9nom\u00e8ne pour mieux le combattre. Un comit\u00e9 scientifique d&#8217;analyse des f\u00e9minicides sera cr\u00e9\u00e9 pour formuler des recommandations sur base de cas concrets.<\/span><\/p>\n<p><em><span style=\"color: #003249;font-family: inherit\">3) Des victimes mieux prot\u00e9g\u00e9es<\/span><\/em><\/p>\n<p><span style=\"color: #003249;font-family: inherit\">L&#8217;\u00e9valuation des risques auxquels la victime est expos\u00e9e sera r\u00e9alis\u00e9e syst\u00e9matiquement pour les mettre hors de danger le + t\u00f4t possible. D&#8217;autres mesures renforcent les droits : un local adapt\u00e9, personnel form\u00e9, traduction, meilleure info, etc.<\/span><\/p>\n<p><em><span style=\"color: #003249;font-family: inherit\">4) Mieux former les professionnels<\/span><\/em><\/p>\n<p><span style=\"color: #003249;font-family: inherit\">Les policiers et magistrats doivent comprendre les m\u00e9canismes \u00e0 l\u2019\u0153uvre, le cycle de la violences et s\u2019approprier les nouveaux outils de lutte contre les f\u00e9minicides pour que cette loi produise ses effets.<\/span><span><\/span><\/p>\n<p>&nbsp;<\/p>\n<\/div>\n<p>[\/et_pb_text][et_pb_text _builder_version=&#8221;4.27.2&#8243; _module_preset=&#8221;default&#8221; global_colors_info=&#8221;{}&#8221;]<\/p>\n<ul>\n<li><span style=\"font-size: large\"><strong style=\"color: #cb6ce6\">Un r\u00e9seau de 10 centres de Prise en Charge des Violences Sexuelles<\/strong><span style=\"color: #cb6ce6\">\u00a0<\/span><\/span>\n<div class=\"clearfix field--text-formatted field field--name-body field--type-text-with-summary field--label-hidden field__item\">\n<p><span style=\"font-size: 14px\"><\/span><\/p>\n<p style=\"text-align: left\"><span style=\"font-size: 14px\">Les Centres de Prise en charge des Violences Sexuelles (CPVS) offrent des soins multidisciplinaires aux victimes de violences sexuelles et des conseils \u00e0 leurs personnes de soutien. Tous les soins y sont propos\u00e9s en un seul lieu par une \u00e9quipe sp\u00e9cialement form\u00e9e \u00e0 cet effet. Ces centres sont un espace o\u00f9 les victimes peuvent recevoir gratuitement une aide m\u00e9dicale, m\u00e9dico-l\u00e9gale et psychologique, 24 heures sur 24, 7 jours sur 7, en un seul endroit. C\u2019est la meilleure solution possible en cas d\u2019agression sexuelle.<\/span><span style=\"font-size: 14px\"><\/span><\/p>\n<p style=\"text-align: left\">Tout au long de mon mandat, il m&#8217;a tenu \u00e0 coeur de visibiliser et renforcer la pr\u00e9sence des CPVS. <span style=\"font-size: 14px\">En Belgique, nous avons la chance de pouvoir compter sur un r\u00e9seau de 10 centres de prise en charge des victimes de violences sexuelles &#8211; bient\u00f4t 13, soit un par province. Ce r\u00e9seau a vu le jour sous la forme d\u2019un projet pilote en 2017, en droite ligne de ce que recommande la convention d\u2019Istanbul. L\u2019\u00e9valuation positive a convaincu les autorit\u00e9s de les p\u00e9renniser et de les d\u00e9ployer sur tout le territoire. <\/span><span style=\"font-size: 14px\">Aujourd\u2019hui, chaque victime trouve un centre \u00e0 maximum 1h de chez elle.<\/span><\/p>\n<p style=\"text-align: left\"><span style=\"font-size: 14px\">Gr\u00e2ce aux CPVS, la Belgique se classe parmi les pays les mieux \u00e9quip\u00e9s du monde pour accompagner les victimes de violences sexuelles. L\u2019accueil pluridisciplinaire qui r\u00e9sulte d\u2019une pr\u00e9cieuse collaboration entre la police, l&#8217;h\u00f4pital et l&#8217;arrondissement judiciaire fait en sorte que 6 fois plus de victimes portent plainte que dans un circuit classique. Cette prise en charge centralis\u00e9e permet d\u2019\u00e9viter \u00e0 la victime de devoir r\u00e9p\u00e9ter de nombreuses fois son histoire \u00e0 un personnel non form\u00e9, et donc d\u2019\u00e9viter la victimisation secondaire.<\/span><\/p>\n<p><span style=\"font-size: 14px\"><\/span><\/p>\n<\/div>\n<\/li>\n<\/ul>\n<p>[\/et_pb_text][et_pb_text _builder_version=&#8221;4.27.2&#8243; _module_preset=&#8221;default&#8221; global_colors_info=&#8221;{}&#8221;]<\/p>\n<ul>\n<li>\n<div class=\"clearfix field--text-formatted field field--name-body field--type-text-with-summary field--label-hidden field__item\">\n<p><strong><span style=\"color: #cb6ce6;font-size: 18px\">L&#8217;inscription du <\/span><\/strong><strong style=\"color: #cb6ce6;font-size: 18px\">consentement<\/strong><span style=\"color: #cb6ce6;font-size: 18px\"><strong> dans le<\/strong> <\/span><strong style=\"color: #cb6ce6;font-size: 18px\">code p\u00e9nal belge<\/strong><span style=\"font-size: 14px\"><\/span><\/p>\n<\/div>\n<\/li>\n<\/ul>\n<p style=\"text-align: left\"><span>En 2017, le mouvement #metoo r\u00e9v\u00e9lait l\u2019ampleur des violences sexuelles dans notre soci\u00e9t\u00e9. Dans son sillage, \u00e0 Bruxelles, le mouvement #BalanceTonBar \u00e9mergeait et s\u2019\u00e9tendait \u00e0 des villes du monde entier. Des centaines de t\u00e9moignages d\u2019agressions sexuelles survenues dans le milieu de la nuit sont partag\u00e9s sur les r\u00e9seaux sociaux. Ces mouvements appellent \u00e0 des changements radicaux dans la mani\u00e8re de traiter la question des violences sexuelles. Des mesures politiques \u00e0 tous les niveaux sont attendues. Le Gouvernement Vivaldi d\u00e9cide alors de faire de cette question une priorit\u00e9.\u00a0<\/span><\/p>\n<p style=\"text-align: left\"><span style=\"font-size: 14px\">Le nouveau Code p\u00e9nal sexuel est <\/span>d\u2019application depuis juin 2022<span style=\"font-size: 14px\">. Sous mon impulsion<\/span><span style=\"font-size: 14px\">, cette r\u00e9forme a pris en compte les revendications de la soci\u00e9t\u00e9 civile et s\u2019est mise en phase avec les \u00e9volutions soci\u00e9tales afin de combattre les diff\u00e9rentes facettes du ph\u00e9nom\u00e8ne le plus efficacement possible. <\/span><\/p>\n<p style=\"text-align: left\"><span style=\"font-size: 14px\">Le retrait du pr\u00e9servatif sans consentement durant l\u2019acte sexuel est d\u00e9sormais p\u00e9nalis\u00e9. L\u2019administration volontaire de substances inhibitives devient un \u00e9l\u00e9ment aggravant.<\/span><\/p>\n<p style=\"text-align: left\"><span style=\"font-size: 14px\"><\/span><\/p>\n<blockquote>\n<p><i><span>Cette r\u00e9forme permet de d\u00e9poussi\u00e9rer le Code p\u00e9nal de son h\u00e9ritage patriarcal. Le Code p\u00e9nal date de 1867, certaines d\u00e9finitions \u00e9taient p\u00e9rim\u00e9es, et des infractions plus r\u00e9centes n\u2019\u00e9taient pas prises en compte. Avec cette r\u00e9\u00e9criture, nous rendons la loi plus claire, plus en phase avec la pratique des professionnels du droit et avec les pr\u00e9occupations de la soci\u00e9t\u00e9.\u00a0 Je me r\u00e9jouis que la Belgique d\u00e9cide de regarder en face la r\u00e9alit\u00e9 des violences sexuelles. Cette r\u00e9forme r\u00e9pond \u00e0 une pr\u00e9occupation soci\u00e9tale d\u2019ampleur mise en lumi\u00e8re par les mouvements de lib\u00e9ration et d\u2019\u00e9coute de la parole des victimes, tels que #MeToo ou\u00a0 #BalanceTonBar et n\u2019aurait pas \u00e9t\u00e9 possible sans les associations de terrain qui travaillent \u00e0 la mise \u00e0 l\u2019agenda politique de cette probl\u00e9matique depuis des d\u00e9cennies. \u2013 Sarah Schlitz<\/span><\/i><\/p>\n<\/blockquote>\n<p>[\/et_pb_text][et_pb_text _builder_version=&#8221;4.27.2&#8243; _module_preset=&#8221;default&#8221; hover_enabled=&#8221;0&#8243; global_colors_info=&#8221;{}&#8221; sticky_enabled=&#8221;0&#8243;]<\/p>\n<ul>\n<li><span style=\"font-size: large;color: #cb6ce6\"><strong>Le financement structurel<\/strong> <strong>du secteur associatif<\/strong><\/span><\/li>\n<\/ul>\n<p><span style=\"font-size: large;color: #003249\"><span style=\"font-size: 14px\">Le monde associatif et les militantes f\u00e9ministes abattent un travail pr\u00e9cieux pour am\u00e9liorer nos vies, d\u00e9fendre nos droits et en conqu\u00e9rir, alerter sur de nouveaux enjeux ou d\u00e9noncer des injustices. Pour exercer toutes ces missions, les associations ont besoin de financements stables et p\u00e9rennes qui leur permettent de planifier leur travail sur le moyen terme.<\/span><\/span><\/p>\n<p>Un financement structurel des associations f\u00e9ministes, antiracistes et LGBTQIA+ a enfin \u00e9t\u00e9 mis en place en 2024.<\/p>\n<p>D\u00e8s mon entr\u00e9e en fonction comme Secr\u00e9taire d\u2019Etat, constatant les ravages des ann\u00e9es MR\/NVA sur le monde associatif, je me suis fix\u00e9 l\u2019objectif de mettre en place des financements structurels de ce type. Un financement structurel, c\u2019est aussi un financement qui garantit l\u2019ind\u00e9pendance des associations et qui leur permet d\u2019exercer leur r\u00f4le de contre-pouvoir.<\/p>\n<p>Pendant cinq ans, au f\u00e9d\u00e9ral, aucune volont\u00e9 politique hostile \u00e0 la construction d\u2019une soci\u00e9t\u00e9 \u00e9galitaire et inclusive ne pourra retirer ces financements.<span style=\"font-size: 18px;color: #cb6ce6\"><\/span><\/p>\n<h2><\/h2>\n<p>[\/et_pb_text][\/et_pb_column][\/et_pb_row][et_pb_row _builder_version=&#8221;4.27.2&#8243; _module_preset=&#8221;default&#8221;][et_pb_column _builder_version=&#8221;4.27.2&#8243; _module_preset=&#8221;default&#8221; type=&#8221;4_4&#8243;][et_pb_text _builder_version=&#8221;4.27.2&#8243; _module_preset=&#8221;default&#8221; hover_enabled=&#8221;0&#8243; sticky_enabled=&#8221;0&#8243;]<\/p>\n<ul>\u00a0<\/p>\n<li><span style=\"font-size: large;color: #cb6ce6\"><strong>Le plan d&#8217;action national de lutte contre les violences bas\u00e9es sur le genre 2021-2025<\/strong><\/span><\/li>\n<\/ul>\n<p><a href=\"https:\/\/sarahschlitz.be\/wp-content\/uploads\/sites\/300\/2021\/11\/20211125-PAN-2021-2025-clean-FR.pdf\">https:\/\/sarahschlitz.be\/wp-content\/uploads\/sites\/300\/2021\/11\/20211125-PAN-2021-2025-clean-FR.pdf<\/a>\u00a0<\/p>\n<p>[\/et_pb_text][\/et_pb_column][\/et_pb_row][et_pb_row column_structure=&#8221;1_5,1_5,1_5,1_5,1_5&#8243; admin_label=&#8221;Ligne&#8221; _builder_version=&#8221;4.16&#8243; background_size=&#8221;initial&#8221; background_position=&#8221;top_left&#8221; background_repeat=&#8221;repeat&#8221; min_height=&#8221;114.5px&#8221; custom_margin=&#8221;-335px|auto||auto||&#8221; custom_padding=&#8221;4px||0px|||&#8221; global_colors_info=&#8221;{}&#8221;][et_pb_column type=&#8221;1_5&#8243; _builder_version=&#8221;4.16&#8243; _module_preset=&#8221;default&#8221; global_colors_info=&#8221;{}&#8221;][et_pb_image src=&#8221;https:\/\/sarahschlitz.be\/wp-content\/uploads\/sites\/300\/2021\/10\/3-3.png&#8221; title_text=&#8221;3 (3)&#8221; _builder_version=&#8221;4.16&#8243; _module_preset=&#8221;default&#8221; custom_margin=&#8221;-3px|50px||-106px|false|false&#8221; global_colors_info=&#8221;{}&#8221;][\/et_pb_image][\/et_pb_column][et_pb_column type=&#8221;1_5&#8243; _builder_version=&#8221;4.27.2&#8243; _module_preset=&#8221;default&#8221; global_colors_info=&#8221;{}&#8221;][\/et_pb_column][et_pb_column type=&#8221;1_5&#8243; _builder_version=&#8221;4.27.2&#8243; _module_preset=&#8221;default&#8221; global_colors_info=&#8221;{}&#8221;][\/et_pb_column][et_pb_column type=&#8221;1_5&#8243; _builder_version=&#8221;4.16&#8243; _module_preset=&#8221;default&#8221; global_colors_info=&#8221;{}&#8221;][et_pb_button button_url=&#8221;https:\/\/www.violencessexuelles.be\/&#8221; button_text=&#8221;www.violencessexuelles.be&#8221; button_alignment=&#8221;right&#8221; _builder_version=&#8221;4.16&#8243; _module_preset=&#8221;default&#8221; transform_translate=&#8221;1px|0px&#8221; transform_translate_linked=&#8221;off&#8221; custom_margin=&#8221;0px|||264px|false|false&#8221; custom_padding=&#8221;0px||||false|false&#8221; global_colors_info=&#8221;{}&#8221;][\/et_pb_button][\/et_pb_column][et_pb_column type=&#8221;1_5&#8243; _builder_version=&#8221;4.16&#8243; _module_preset=&#8221;default&#8221; global_colors_info=&#8221;{}&#8221;][\/et_pb_column][\/et_pb_row][et_pb_row _builder_version=&#8221;4.27.2&#8243; _module_preset=&#8221;default&#8221;][et_pb_column _builder_version=&#8221;4.27.2&#8243; _module_preset=&#8221;default&#8221; type=&#8221;4_4&#8243;][et_pb_text _builder_version=&#8221;4.27.2&#8243; _module_preset=&#8221;default&#8221; hover_enabled=&#8221;0&#8243; sticky_enabled=&#8221;0&#8243;]<\/p>\n<ul>\n<li><span style=\"font-size: large;color: #cb6ce6\"><strong>Le financement de diff\u00e9rentes \u00e9tudes\u00a0<\/strong><\/span><\/li>\n<\/ul>\n<p>&#8211; SECAL\u00a0<\/p>\n<p>&#8211; Ecart de patrimoine\u00a0<\/p>\n<p>&#8211; Homicide review\u00a0<\/p>\n<p>&nbsp;<\/p>\n<p>[\/et_pb_text][\/et_pb_column][\/et_pb_row][\/et_pb_section]<\/p>\n","protected":false},"excerpt":{"rendered":"<p>Mon bilan en tant que Secr\u00e9taire d&#8217;\u00c9tat Voici le bilan de mon action en tant que Secr\u00e9taire d&#8217;\u00c9tat f\u00e9d\u00e9rale \u00e0 l&#8217;Egalit\u00e9 des genres, \u00e0 l&#8217;Egalit\u00e9 des chances et \u00e0 la Diversit\u00e9, mandat que j&#8217;ai exerc\u00e9 au sein du Gouvernement Vivaldi. Il comporte des avanc\u00e9es progressistes majeures, fruit du travail acharn\u00e9 de toute une \u00e9quipe. Ces [&hellip;]<\/p>\n","protected":false},"author":1829,"featured_media":0,"parent":0,"menu_order":0,"comment_status":"closed","ping_status":"closed","template":"","meta":{"_acf_changed":false,"_et_pb_use_builder":"on","_et_pb_old_content":"","_et_gb_content_width":"","footnotes":""},"class_list":["post-6557","page","type-page","status-publish","hentry"],"acf":[],"_links":{"self":[{"href":"https:\/\/sarahschlitz.be\/nl\/wp-json\/wp\/v2\/pages\/6557","targetHints":{"allow":["GET"]}}],"collection":[{"href":"https:\/\/sarahschlitz.be\/nl\/wp-json\/wp\/v2\/pages"}],"about":[{"href":"https:\/\/sarahschlitz.be\/nl\/wp-json\/wp\/v2\/types\/page"}],"author":[{"embeddable":true,"href":"https:\/\/sarahschlitz.be\/nl\/wp-json\/wp\/v2\/users\/1829"}],"replies":[{"embeddable":true,"href":"https:\/\/sarahschlitz.be\/nl\/wp-json\/wp\/v2\/comments?post=6557"}],"version-history":[{"count":35,"href":"https:\/\/sarahschlitz.be\/nl\/wp-json\/wp\/v2\/pages\/6557\/revisions"}],"predecessor-version":[{"id":6637,"href":"https:\/\/sarahschlitz.be\/nl\/wp-json\/wp\/v2\/pages\/6557\/revisions\/6637"}],"wp:attachment":[{"href":"https:\/\/sarahschlitz.be\/nl\/wp-json\/wp\/v2\/media?parent=6557"}],"curies":[{"name":"wp","href":"https:\/\/api.w.org\/{rel}","templated":true}]}}