{"id":2331,"date":"2020-01-29T13:00:14","date_gmt":"2020-01-29T12:00:14","guid":{"rendered":"https:\/\/sarahschlitz.be\/?page_id=2331"},"modified":"2020-09-22T18:58:10","modified_gmt":"2020-09-22T16:58:10","slug":"textes-de-loi","status":"publish","type":"page","link":"https:\/\/sarahschlitz.be\/nl\/textes-de-loi\/","title":{"rendered":"Textes de loi"},"content":{"rendered":"<p>[et_pb_section fb_built=&#8221;1&#8243; background_color=&#8221;rgba(178,216,140,0.43)&#8221; _builder_version=&#8221;3.0.96&#8243;][et_pb_row _builder_version=&#8221;3.0.96&#8243;][et_pb_column type=&#8221;1_4&#8243; _builder_version=&#8221;3.0.96&#8243; parallax=&#8221;off&#8221; parallax_method=&#8221;on&#8221;][et_pb_button button_url=&#8221;https:\/\/sarahschlitz.be\/&#8221; button_text=&#8221;Retour \u00e0 l&#8217;accueil&#8221; _builder_version=&#8221;3.0.96&#8243; button_alignment=&#8221;center&#8221; box_shadow_style=&#8221;preset1&#8243;][\/et_pb_button][\/et_pb_column][et_pb_column type=&#8221;3_4&#8243; _builder_version=&#8221;3.0.96&#8243; parallax=&#8221;off&#8221; parallax_method=&#8221;on&#8221;][et_pb_text _builder_version=&#8221;3.0.96&#8243;]<\/p>\n<h1><strong>Ma participation au travail l\u00e9gislatif<\/strong><\/h1>\n<pre><strong>Propositions de lois et de r\u00e9solution<\/strong><\/pre>\n<p>[\/et_pb_text][\/et_pb_column][\/et_pb_row][\/et_pb_section][et_pb_section fb_built=&#8221;1&#8243; fullwidth=&#8221;on&#8221; _builder_version=&#8221;3.0.47&#8243;][et_pb_fullwidth_header title=&#8221;Egalit\u00e9 Femmes &#8211; Hommes&#8221; background_layout=&#8221;dark&#8221; _builder_version=&#8221;3.0.96&#8243; title_font=&#8221;||||||||&#8221; title_text_align=&#8221;center&#8221; background_color=&#8221;#008c44&#8243; custom_padding=&#8221;10px||0px|&#8221;][\/et_pb_fullwidth_header][\/et_pb_section][et_pb_section fb_built=&#8221;1&#8243; background_color=&#8221;rgba(0,140,68,0.14)&#8221; _builder_version=&#8221;3.0.96&#8243; custom_padding=&#8221;29px|0px|51.2px|0px|false|false&#8221;][et_pb_row custom_padding=&#8221;0px|0px|21.1333px|0px&#8221; _builder_version=&#8221;3.0.96&#8243;][et_pb_column type=&#8221;4_4&#8243; _builder_version=&#8221;3.0.47&#8243; parallax=&#8221;off&#8221; parallax_method=&#8221;on&#8221;][et_pb_cta title=&#8221;Proposition de loi -Avortement&#8221; button_url=&#8221;https:\/\/www.lachambre.be\/FLWB\/PDF\/55\/0158\/55K0158009.pdf&#8221; url_new_window=&#8221;on&#8221; button_text=&#8221;Vers le texte&#8221; background_color=&#8221;#ffffff&#8221; background_layout=&#8221;light&#8221; _builder_version=&#8221;3.0.96&#8243; header_level=&#8221;h4&#8243; header_font=&#8221;||||||||&#8221; text_orientation=&#8221;left&#8221; custom_padding=&#8221;20px||20px|&#8221; button_letter_spacing_hover_tablet=&#8221;50&#8243; button_alignment=&#8221;right&#8221;]Proposition de loi modifiant diverses dispositions l\u00e9gislatives en vus d&#8217;assouplir les conditions pour recourir \u00e0 l&#8217;interruption volontaire de grossesse<br \/>\n<strong>ADOPTEE en commission de la jusitce <\/strong>&#8211; <em>le 30 d\u00e9cembre 2019 <\/em><br \/>\n[\/et_pb_cta][et_pb_cta title=&#8221;Proposition de loi &#8211; Lutte contre la discrimination entre les femmes et les hommes&#8221; button_url=&#8221;https:\/\/www.lachambre.be\/FLWB\/PDF\/55\/0165\/55K0165012.pdf&#8221; url_new_window=&#8221;on&#8221; button_text=&#8221;Vers le texte&#8221; background_color=&#8221;#ffffff&#8221; background_layout=&#8221;light&#8221; _builder_version=&#8221;3.0.96&#8243; header_level=&#8221;h4&#8243; header_font=&#8221;||||||||&#8221; text_orientation=&#8221;left&#8221; custom_padding=&#8221;20px||20px|&#8221; button_alignment=&#8221;right&#8221;]Proposition de loi modifiant la loi du 10 mai 2007 tendant \u00e0 lutter contre la discrimination entre les femmes et les hommes, en ce qui concerne l&#8217;interdication de la discrimination relative \u00e0 la paternit\u00e9 ou \u00e0 la comaternit\u00e9, l&#8217;allaitement et la procr\u00e9ation m\u00e9dicalement assisst\u00e9e<br \/>\n<strong>ADOPTEE<\/strong> &#8211; <em>le 23 janvier 2020<\/em><br \/>\n[\/et_pb_cta][et_pb_cta title=&#8221;Proposition de loi &#8211; \u00c9cart salarial&#8221; button_url=&#8221;https:\/\/www.lachambre.be\/FLWB\/PDF\/55\/0178\/55K0178001.pdf&#8221; url_new_window=&#8221;on&#8221; button_text=&#8221;Vers le texte&#8221; background_color=&#8221;#ffffff&#8221; background_layout=&#8221;light&#8221; _builder_version=&#8221;3.0.96&#8243; header_level=&#8221;h4&#8243; header_font=&#8221;||||||||&#8221; text_orientation=&#8221;left&#8221; custom_padding=&#8221;20px||20px|&#8221; button_alignment=&#8221;right&#8221;]Proposition de loi visant \u00e0 lutter contre l&#8217;\u00e9cart salarial entre les femmes et les hommes<br \/>\n<strong>En discussion<\/strong> &#8211; <em>le 27 novembre 2019<\/em><br \/>\n[\/et_pb_cta][et_pb_cta title=&#8221;Proposition de loi &#8211; Cong\u00e9 de maternit\u00e9 &#8221; button_url=&#8221;https:\/\/www.lachambre.be\/FLWB\/PDF\/55\/0177\/55K0177001.pdf&#8221; url_new_window=&#8221;on&#8221; button_text=&#8221;Vers le texte&#8221; background_color=&#8221;#ffffff&#8221; background_layout=&#8221;light&#8221; _builder_version=&#8221;3.0.96&#8243; header_level=&#8221;h4&#8243; header_font=&#8221;||||||||&#8221; text_orientation=&#8221;left&#8221; custom_padding=&#8221;20px||20px|&#8221; button_alignment=&#8221;right&#8221;]Proposition de loi visant \u00e0 am\u00e9liorer la protection du cong\u00e9 de maternit\u00e9 des travailleuses malades ou victimes d&#8217;accident<br \/>\n<strong>En discussion<\/strong> &#8211; <em>le 20 d\u00e9cembre 2019<\/em><br \/>\n[\/et_pb_cta][et_pb_cta title=&#8221;Proposition de loi &#8211; Cong\u00e9 de paternit\u00e9&#8221; button_url=&#8221;https:\/\/www.lachambre.be\/FLWB\/PDF\/55\/0697\/55K0697001.pdf&#8221; url_new_window=&#8221;on&#8221; button_text=&#8221;Vers le texte&#8221; background_color=&#8221;#ffffff&#8221; background_layout=&#8221;light&#8221; _builder_version=&#8221;3.0.96&#8243; header_level=&#8221;h4&#8243; header_font=&#8221;||||||||&#8221; text_orientation=&#8221;left&#8221; custom_padding=&#8221;20px||20px|&#8221; button_alignment=&#8221;right&#8221;]Proposition de loi modifiant la loi du 3 juillet 1978 relative aux contrat de travail, visant \u00e0 allonger le cong\u00e9 de naissance et \u00e0 le rendre obligatoire<br \/>\n<strong>Prise en consid\u00e9ration <\/strong>&#8211; <em>le 07 novembre 2019<\/em><br \/>\n[\/et_pb_cta][\/et_pb_column][\/et_pb_row][\/et_pb_section][et_pb_section fb_built=&#8221;1&#8243; fullwidth=&#8221;on&#8221; _builder_version=&#8221;3.0.47&#8243; custom_padding=&#8221;0px|0px|0px|0px&#8221;][et_pb_fullwidth_header title=&#8221;Climat&#8221; background_layout=&#8221;dark&#8221; _builder_version=&#8221;3.0.96&#8243; title_font=&#8221;||||||||&#8221; title_text_align=&#8221;center&#8221; background_color=&#8221;#008c44&#8243; custom_margin=&#8221;|||&#8221; custom_padding=&#8221;10px||0px|&#8221;][\/et_pb_fullwidth_header][\/et_pb_section][et_pb_section fb_built=&#8221;1&#8243; background_color=&#8221;rgba(0,140,68,0.14)&#8221; _builder_version=&#8221;3.0.96&#8243; custom_padding=&#8221;20px||20px|&#8221;][et_pb_row custom_padding=&#8221;25px|0px|25px|0px&#8221; _builder_version=&#8221;3.0.96&#8243;][et_pb_column type=&#8221;4_4&#8243; _builder_version=&#8221;3.0.47&#8243; parallax=&#8221;off&#8221; parallax_method=&#8221;on&#8221;][et_pb_cta title=&#8221;Proposition de r\u00e9solution &#8211; Financement du changement climatique&#8221; button_url=&#8221;https:\/\/www.lachambre.be\/FLWB\/PDF\/55\/0572\/55K0572001.pdf&#8221; url_new_window=&#8221;on&#8221; button_text=&#8221;Vers le texte&#8221; background_color=&#8221;#ffffff&#8221; background_layout=&#8221;light&#8221; _builder_version=&#8221;3.0.96&#8243; header_level=&#8221;h4&#8243; header_font=&#8221;||||||||&#8221; text_orientation=&#8221;left&#8221; custom_padding=&#8221;20px||20px|&#8221; button_alignment=&#8221;right&#8221;]Proposition de r\u00e9solution relative au financement belge de la lutte contre le changement climatique<br \/>\n<strong>ADOPTEE <\/strong>&#8211; <em>le 24 octobre 2019<\/em><br \/>\n[\/et_pb_cta][et_pb_cta title=&#8221;Proposition de loi &#8211; Bilan carbone du transport des entreprises&#8221; button_url=&#8221;https:\/\/www.lachambre.be\/FLWB\/PDF\/55\/0689\/55K0689001.pdf&#8221; button_text=&#8221;Vers le texte&#8221; background_color=&#8221;#ffffff&#8221; background_layout=&#8221;light&#8221; _builder_version=&#8221;3.0.96&#8243; header_level=&#8221;h4&#8243; header_font=&#8221;||||||||&#8221; text_orientation=&#8221;left&#8221; custom_padding=&#8221;20px||20px|&#8221; button_alignment=&#8221;right&#8221;]Proposition de loi modifiant le Code des soci\u00e9t\u00e9s et des associations, visant \u00e0 int\u00e9grer un bilan carbone dans les rapports annuels des entreprises<br \/>\n<strong>En discussion <\/strong>&#8211;<em> 04 d\u00e9cembre 2019<\/em><br \/>\n[\/et_pb_cta][\/et_pb_column][\/et_pb_row][\/et_pb_section][et_pb_section fb_built=&#8221;1&#8243; background_color=&#8221;#008c44&#8243; fullwidth=&#8221;on&#8221; _builder_version=&#8221;3.0.96&#8243;][et_pb_fullwidth_header title=&#8221;Mobilit\u00e9&#8221; _builder_version=&#8221;3.0.96&#8243; title_font=&#8221;||||||||&#8221; title_text_align=&#8221;center&#8221; title_text_color=&#8221;#ffffff&#8221; custom_padding=&#8221;10px||1px|&#8221;][\/et_pb_fullwidth_header][\/et_pb_section][et_pb_section fb_built=&#8221;1&#8243; background_color=&#8221;rgba(0,140,68,0.14)&#8221; _builder_version=&#8221;3.0.96&#8243; custom_padding=&#8221;20px||20px|&#8221;][et_pb_row custom_padding=&#8221;20px|0px|22px|0px&#8221; _builder_version=&#8221;3.0.96&#8243;][et_pb_column type=&#8221;4_4&#8243; _builder_version=&#8221;3.0.47&#8243; parallax=&#8221;off&#8221; parallax_method=&#8221;on&#8221;][et_pb_cta title=&#8221;Proposition de loi &#8211; G\u00e9n\u00e9raliser l&#8217;utilisation des panneaux B22 et B23&#8243; button_url=&#8221;https:\/\/www.lachambre.be\/FLWB\/PDF\/55\/0569\/55K0569001.pdf&#8221; url_new_window=&#8221;on&#8221; button_text=&#8221;Vers le texte&#8221; background_color=&#8221;#ffffff&#8221; background_layout=&#8221;light&#8221; _builder_version=&#8221;3.0.96&#8243; header_level=&#8221;h4&#8243; header_font=&#8221;||||||||&#8221; text_orientation=&#8221;left&#8221; custom_padding=&#8221;20px||20px|&#8221; button_alignment=&#8221;right&#8221;]Proposition de loi modifiant l&#8217;arr\u00eat\u00e9 royal du 1er d\u00e9cembre 1975 portant r\u00e8glement g\u00e9n\u00e9ral sur la police de la circulation routi\u00e8re et de l&#8217;usage de la voie publique en vue de g\u00e9n\u00e9raliser l&#8217;usage des panneaux B22 et B23<br \/>\n<strong>En discussion <\/strong>&#8211; <em>6 novembre 2019<\/em><br \/>\n[\/et_pb_cta][et_pb_cta title=&#8221;Proposition de r\u00e9solution &#8211; Train de nuit international&#8221; button_url=&#8221;https:\/\/www.lachambre.be\/FLWB\/PDF\/55\/0788\/55K0788001.pdf&#8221; url_new_window=&#8221;on&#8221; button_text=&#8221;Vers le texte&#8221; background_color=&#8221;#ffffff&#8221; background_layout=&#8221;light&#8221; _builder_version=&#8221;3.0.96&#8243; header_level=&#8221;h4&#8243; header_font=&#8221;||||||||&#8221; body_font=&#8221;||||||||&#8221; text_orientation=&#8221;left&#8221; custom_padding=&#8221;20px||20px|&#8221; button_alignment=&#8221;right&#8221;]Proposition de r\u00e9solution relative au d\u00e9veloppement rapide du transport ferroviaire international de passagers en Europe<br \/>\n<strong>Prise en consid\u00e9ration <\/strong> &#8211; <em>28 novembre 2019<\/em><br \/>\n[\/et_pb_cta][et_pb_cta title=&#8221;Proposition de loi &#8211; Distances de s\u00e9curit\u00e9 pour les cyclistes&#8221; button_url=&#8221;https:\/\/www.lachambre.be\/FLWB\/PDF\/55\/0613\/55K0613001.pdf&#8221; url_new_window=&#8221;on&#8221; button_text=&#8221;Vers le texte&#8221; background_color=&#8221;#ffffff&#8221; background_layout=&#8221;light&#8221; _builder_version=&#8221;3.0.96&#8243; header_level=&#8221;h4&#8243; header_font=&#8221;||||||||&#8221; text_orientation=&#8221;left&#8221; custom_padding=&#8221;20px||20px|&#8221; button_alignment=&#8221;right&#8221;]Proposition de loi clarifiant la port\u00e9e des r\u00e8gles relatives aux distances de s\u00e9curit\u00e9 entre voitures et cyclistes<br \/>\n<strong>En discussion <\/strong>&#8211;<em> 06 novembre 2019<\/em><br \/>\n[\/et_pb_cta][et_pb_cta title=&#8221;Proposition de r\u00e9solution &#8211; Accessibilit\u00e9 du transport ferroviaire&#8221; button_url=&#8221;http:\/\/www.lachambre.be\/FLWB\/PDF\/55\/0971\/55K0971001.pdf&#8221; url_new_window=&#8221;on&#8221; button_text=&#8221;Vers le texte&#8221; background_color=&#8221;#ffffff&#8221; background_layout=&#8221;light&#8221; _builder_version=&#8221;3.0.96&#8243; header_level=&#8221;h4&#8243; header_font=&#8221;||||||||&#8221; text_orientation=&#8221;left&#8221; custom_padding=&#8221;20px||20px|&#8221; button_alignment=&#8221;right&#8221;]Proposition de r\u00e9solution visant \u00e0 garantir l&#8217;accessibilit\u00e9 du transport ferroviaire en Belgique<br \/>\n<strong>Prise en consid\u00e9ration <\/strong>&#8211;<em> 30 janvier 2020<\/em><br \/>\n[\/et_pb_cta][et_pb_cta title=&#8221;Proposition de r\u00e9solution &#8211; Transport ferroviaire international&#8221; button_url=&#8221;https:\/\/www.lachambre.be\/FLWB\/PDF\/55\/0196\/55K0196001.pdf&#8221; button_text=&#8221;Vers le texte&#8221; background_color=&#8221;#ffffff&#8221; background_layout=&#8221;light&#8221; _builder_version=&#8221;3.0.96&#8243; header_level=&#8221;h4&#8243; header_font=&#8221;||||||||&#8221; text_orientation=&#8221;left&#8221; custom_padding=&#8221;20px||20px|&#8221; button_alignment=&#8221;right&#8221;]Proposition de r\u00e9solution pour un soutien europ\u00e9en au transport ferroviaire international de voyageurs<br \/>\n<strong>En discussion<\/strong> &#8211; <em>le 17 d\u00e9cembre 2019<\/em><br \/>\n[\/et_pb_cta][et_pb_cta title=&#8221;Propoistion de r\u00e9solution &#8211; parking flexibles&#8221; button_url=&#8221;https:\/\/www.lachambre.be\/FLWB\/PDF\/55\/0612\/55K0612001.pdf&#8221; button_text=&#8221;Vers le texte&#8221; background_color=&#8221;#ffffff&#8221; background_layout=&#8221;light&#8221; _builder_version=&#8221;3.0.96&#8243; header_level=&#8221;h4&#8243; header_font=&#8221;||||||||&#8221; text_orientation=&#8221;left&#8221; custom_padding=&#8221;20px||20px|&#8221; button_alignment=&#8221;right&#8221;]Proposition de r\u00e9solution relative \u00e0 l&#8217;instauration du parking flexible et de la signalisation y aff\u00e9rente<br \/>\n<strong>Prise en consid\u00e9ration <\/strong>&#8211; <em>17 octobre 2019<\/em><br \/>\n[\/et_pb_cta][et_pb_cta title=&#8221;Proposition de loi &#8211; Speed pedelecs&#8221; button_url=&#8221;http:\/\/www.lachambre.be\/FLWB\/PDF\/55\/0912\/55K0912001.pdf&#8221; url_new_window=&#8221;on&#8221; button_text=&#8221;Vers le texte&#8221; background_color=&#8221;#ffffff&#8221; background_layout=&#8221;light&#8221; _builder_version=&#8221;3.0.96&#8243; header_level=&#8221;h4&#8243; header_font=&#8221;||||||||&#8221; body_font=&#8221;||||||||&#8221; text_orientation=&#8221;left&#8221; custom_padding=&#8221;20px||20px|&#8221; button_alignment=&#8221;right&#8221;]Proposition de loi modifiant l&#8217;arr\u00eat\u00e9 royal du 13 juillet 2017 fixant les allocations et indemnit\u00e9s des membres du personnel de la fonction publique f\u00e9d\u00e9rale en vue d&#8217;indemniser l&#8217;utilisation de speed pedelecs<br \/>\n<strong>Prise en consid\u00e9ration <\/strong>&#8211;<em> 09 janvier 2020<\/em><br \/>\n[\/et_pb_cta][\/et_pb_column][\/et_pb_row][\/et_pb_section][et_pb_section fb_built=&#8221;1&#8243; fullwidth=&#8221;on&#8221; _builder_version=&#8221;3.0.96&#8243;][et_pb_fullwidth_header title=&#8221;Divers&#8221; background_layout=&#8221;dark&#8221; _builder_version=&#8221;3.0.96&#8243; title_font=&#8221;||||||||&#8221; title_text_align=&#8221;center&#8221; background_color=&#8221;#008c44&#8243; custom_padding=&#8221;10px||1px|&#8221;][\/et_pb_fullwidth_header][\/et_pb_section][et_pb_section fb_built=&#8221;1&#8243; background_color=&#8221;rgba(0,140,68,0.14)&#8221; _builder_version=&#8221;3.0.96&#8243;][et_pb_row custom_padding=&#8221;0px|0px|0px|0px&#8221; _builder_version=&#8221;3.0.96&#8243;][et_pb_column type=&#8221;4_4&#8243; _builder_version=&#8221;3.0.96&#8243; parallax=&#8221;off&#8221; parallax_method=&#8221;on&#8221;][et_pb_cta title=&#8221;Proposition de r\u00e9solution &#8211; Ouverture du domaine de Laeken &#8221; button_url=&#8221;https:\/\/www.lachambre.be\/FLWB\/PDF\/55\/0181\/55K0181001.pdf&#8221; button_text=&#8221;Vers le texte&#8221; background_color=&#8221;#ffffff&#8221; background_layout=&#8221;light&#8221; _builder_version=&#8221;3.0.96&#8243; header_level=&#8221;h4&#8243; header_font=&#8221;||||||||&#8221; text_orientation=&#8221;left&#8221; custom_padding=&#8221;20px||20px|&#8221; button_alignment=&#8221;right&#8221;]Proposition de r\u00e9solution visant \u00e0 l&#8217;ouverture partielle du domaine de Laeken au public<br \/>\n<strong>En discussion <\/strong>&#8211; <em>13 novembre 2019<\/em><br \/>\n[\/et_pb_cta][et_pb_cta title=&#8221;Proposition de r\u00e9solution &#8211; Droits des personnes intersexes&#8221; button_url=&#8221;http:\/\/www.lachambre.be\/FLWB\/PDF\/55\/0974\/55K0974001.pdf&#8221; url_new_window=&#8221;on&#8221; button_text=&#8221;Vers le texte&#8221; background_color=&#8221;#ffffff&#8221; background_layout=&#8221;light&#8221; _builder_version=&#8221;3.0.96&#8243; header_level=&#8221;h4&#8243; header_font=&#8221;||||||||&#8221; body_font=&#8221;||||||||&#8221; text_orientation=&#8221;left&#8221; custom_padding=&#8221;20px||20px|&#8221; button_alignment=&#8221;right&#8221;]Proposition de r\u00e9solution visant \u00e0 \u00e9tablir un cadre juridique en vue de garantir la protection des droits fondamentaux des personnes intersexes<br \/>\n<strong>Prise en consid\u00e9ration <\/strong>&#8211;<em> 30 janvier 2020<\/em><br \/>\n[\/et_pb_cta][et_pb_cta title=&#8221;Proposition de loi &#8211; Interdiction des n\u00e9onicotino\u00efdes&#8221; button_url=&#8221;http:\/\/www.lachambre.be\/FLWB\/PDF\/55\/0975\/55K0975001.pdf&#8221; url_new_window=&#8221;on&#8221; button_text=&#8221;Vers le texte&#8221; background_color=&#8221;#ffffff&#8221; background_layout=&#8221;light&#8221; _builder_version=&#8221;3.0.96&#8243; header_level=&#8221;h4&#8243; header_font=&#8221;||||||||&#8221; body_font=&#8221;||||||||&#8221; text_orientation=&#8221;left&#8221; custom_padding=&#8221;20px||20px|&#8221; button_alignment=&#8221;right&#8221;]Proposition de loi visant \u00e0 inscrire la mise sur le march\u00e9 des biocides et des produits phytopharmaceutiques contenant des substances actives de la famille des n\u00e9onicotino\u00efdes<br \/>\n<strong>Prise en consid\u00e9ration <\/strong>&#8211;<em> 30 janvier 2020<\/em><br \/>\n[\/et_pb_cta][\/et_pb_column][\/et_pb_row][\/et_pb_section]<\/p>\n","protected":false},"excerpt":{"rendered":"<p>Ma participation au travail l\u00e9gislatif Propositions de lois et de r\u00e9solution Proposition de loi modifiant diverses dispositions l\u00e9gislatives en vus d&#8217;assouplir les conditions pour recourir \u00e0 l&#8217;interruption volontaire de grossesse ADOPTEE en commission de la jusitce &#8211; le 30 d\u00e9cembre 2019 Proposition de loi modifiant la loi du 10 mai 2007 tendant \u00e0 lutter contre [&hellip;]<\/p>\n","protected":false},"author":1526,"featured_media":0,"parent":0,"menu_order":0,"comment_status":"closed","ping_status":"closed","template":"","meta":{"_acf_changed":false,"_et_pb_use_builder":"on","_et_pb_old_content":"","_et_gb_content_width":"","footnotes":""},"class_list":["post-2331","page","type-page","status-publish","hentry"],"acf":[],"_links":{"self":[{"href":"https:\/\/sarahschlitz.be\/nl\/wp-json\/wp\/v2\/pages\/2331","targetHints":{"allow":["GET"]}}],"collection":[{"href":"https:\/\/sarahschlitz.be\/nl\/wp-json\/wp\/v2\/pages"}],"about":[{"href":"https:\/\/sarahschlitz.be\/nl\/wp-json\/wp\/v2\/types\/page"}],"author":[{"embeddable":true,"href":"https:\/\/sarahschlitz.be\/nl\/wp-json\/wp\/v2\/users\/1526"}],"replies":[{"embeddable":true,"href":"https:\/\/sarahschlitz.be\/nl\/wp-json\/wp\/v2\/comments?post=2331"}],"version-history":[{"count":38,"href":"https:\/\/sarahschlitz.be\/nl\/wp-json\/wp\/v2\/pages\/2331\/revisions"}],"predecessor-version":[{"id":3230,"href":"https:\/\/sarahschlitz.be\/nl\/wp-json\/wp\/v2\/pages\/2331\/revisions\/3230"}],"wp:attachment":[{"href":"https:\/\/sarahschlitz.be\/nl\/wp-json\/wp\/v2\/media?parent=2331"}],"curies":[{"name":"wp","href":"https:\/\/api.w.org\/{rel}","templated":true}]}}